{"id":332,"date":"2018-05-23T12:10:24","date_gmt":"2018-05-23T10:10:24","guid":{"rendered":"http:\/\/raete24.com\/?page_id=332"},"modified":"2018-07-11T08:19:12","modified_gmt":"2018-07-11T06:19:12","slug":"datenschutzerklaerung","status":"publish","type":"page","link":"https:\/\/raete24.com\/?page_id=332","title":{"rendered":"Datenschutzerkl\u00e4rung"},"content":{"rendered":"<p>Wir, die B\u00fcrogemeinschaft raete24.com, freuen uns \u00fcber Ihren Besuch auf unserer Webpr\u00e4senz und \u00fcber Ihr Interesse an unseren Kanzleien. Als Betreiber dieser Website nehmen wir den Schutz Ihrer pers\u00f6nlichen Daten sehr ernst und halten uns an die Regeln der geltenden Datenschutzgesetze sowie dieser Datenschutzerkl\u00e4rung. Wir behandeln Ihre personenbezogenen Daten entsprechend der gesetzlichen Datenschutzvorschriften sowie dieser Datenschutzerkl\u00e4rung.<\/p>\n<p><strong>I. Name und Anschrift des Verantwortlichen<\/strong><\/p>\n<p>Der Verantwortliche im Sinne der Datenschutz-Grundverordnung (DGSVO) und anderer nationaler Datenschutzgesetze der Mitgliedsstaaten sowie sonstiger datenschuetzrechtlicher Bestimmungen ist:<\/p>\n<p>B\u00fcrogemeinschaft raete24.com<br \/>\nR\u00e4terstra\u00dfe 24<br \/>\n85551 Kirchheim b. M\u00fcnchen<br \/>\nTelefon: 089\/900 99 1-0<br \/>\nE-Mail: <a href=\"mailto:info@raete24.com\">info@raete24.com<\/a><\/p>\n<p>Verantwortliche Stelle ist die nat\u00fcrliche oder juristische Person, die allein oder gemeinsam mit anderen \u00fcber die Zwecke und Mittel der Verarbeitung von personenbezogenen Daten (z.B. Namen, E-Mail-Adressen o. \u00c4.) entscheidet.<\/p>\n<p><strong>II. Allgemeines zur Datenverarbeitung<\/strong><\/p>\n<p style=\"padding-left: 30px;\">1. <strong>Umfang der Verarbeitung personenbezogener Daten<\/strong><\/p>\n<p style=\"padding-left: 30px;\">Wir erheben und verwenden personenbezogene Daten der betroffenen Person (z.B. Webseitennutzer) grunds\u00e4tzlich nur, soweit dies zu einer ordentlichen Bereitstellung einer funktionsf\u00e4higen Webseite sowie unserer Inhalte und Leistungen erforderlich ist. Die Erhebung und Verwendung personenbezogener Daten der betroffenen Person erfolgt regelm\u00e4\u00dfig nur nach deren Einwilligung. Eine Ausnahme gilt in solchen F\u00e4llen, in denen eine vorherige Einholung einer Einwilligung aus tats\u00e4chlichen Gr\u00fcnden nicht m\u00f6glich ist und die Verarbeitung der Daten durch gesetzliche Vorschriften gestattet ist. Die Nutzung unserer Webseite ist in der Regel ohne Angabe personenbezogener Daten m\u00f6glich. Soweit auf unserer Webseite personenbezogene Daten erhoben werden, erfolgt dies, soweit m\u00f6glich, auf freiwilliger Basis.<\/p>\n<p style=\"padding-left: 30px;\">2. <strong>Rechtsgrundlage f\u00fcr die Verarbeitung personenbezogener Daten<\/strong><\/p>\n<p style=\"padding-left: 30px;\">Soweit wir f\u00fcr Verarbeitungsvorg\u00e4nge personenbezogener Daten eine Einwilligung der betroffenen Person einholen, dient Art. 6 Abs. 1 lit. a EU-Datenschutzgrundverordnung (DSGVO) als Rechtsgrundlage f\u00fcr die Verarbeitung personenbezogener Daten. Bei der Verarbeitung von personenbezogenen Daten, die zur Erf\u00fcllung eines Vertrages, dessen Vertragspartei die betroffene Person ist, erforderlich ist, dient Art. 6 Abs. 1 lit. b DSGVO als Rechtsgrundlage. Dies gilt auch f\u00fcr Verarbeitungsvorg\u00e4nge, die zur Durchf\u00fchrung vorvertraglicher Ma\u00dfnahmen erforderlich sind. Soweit eine Verarbeitung personenbezogener Daten zur Erf\u00fcllung einer rechtlichen Verpflichtung erforderlich ist, der unser Unternehmen unterliegt, dient Art. 6 Abs. 1 lit. c DSGVO als Rechtsgrundlage. F\u00fcr den Fall, dass lebenswichtige Interessen der betroffenen Person oder einer anderen nat\u00fcrlichen Person eine Verarbeitung personenbezogener Daten erforderlich machen, dient Art. 6 Abs. 1 lit. d DSGVO als Rechtsgrundlage. Ist die Verarbeitung zur Wahrung eines berechtigten Interesses unseres Unternehmens oder eines Dritten erforderlich und \u00fcberwiegen die Interessen, Grundrechte und Grundfreiheiten des Betroffenen das erstgenannte Interesse nicht, so dient Art. 6 Abs. 1 lit. f DSGVO als Rechtsgrundlage f\u00fcr die Verarbeitung.<\/p>\n<p style=\"padding-left: 30px;\">3. <strong>Speicherdauer und Datenl\u00f6schung<\/strong><\/p>\n<p style=\"padding-left: 30px;\">Die personenbezogenen Daten der betroffenen Person werden gel\u00f6scht oder gesperrt, sobald der Zweck der Speicherung entf\u00e4llt. Eine Speicherung kann dar\u00fcber hinaus dann erfolgen, wenn dies durch den europ\u00e4ischen oder nationalen Gesetzgeber in unionsrechtlichen Verordnungen, Gesetzen oder sonstigen Vorschriften, denen wir als Verantwortlicher unterliegen, vorgesehen worden ist. Eine Sperrung oder L\u00f6schung der Daten erfolgt auch dann, wenn eine durch die genannten Normen vorgeschriebene Speicherfrist abl\u00e4uft, es sei denn, dass eine Erforderlichkeit zur weiteren Speicherung der Daten f\u00fcr einen Vertragsabschluss oder eine Vertragserf\u00fcllung besteht.<\/p>\n<p><strong>III. Bereitstellung der Webseite und Erstellung von Logfiles<\/strong><\/p>\n<p style=\"padding-left: 30px;\">1 .<strong> Beschreibung und Umfang der Datenverarbeitung<\/strong><\/p>\n<p style=\"padding-left: 30px;\">Bei jedem Aufruf unserer Webseite erfasst unser System automatisiert Daten und Informationen vom Computersystem des aufrufenden Rechners (Logfiles). Die nachstehenden Daten werden dabei erhoben:<\/p>\n<p style=\"padding-left: 60px;\">a. Browsertyp und Browserversion<br \/>\nb. Betriebssystem des Nutzers<br \/>\nc. Internet-Service-Provider des Nutzers<br \/>\nd. IP-Adresse des Nutzers<br \/>\ne. Datum und Uhrzeit des Zugriffs<br \/>\nf. Webseiten, von denen das System des Nutzers auf unsere Webseite gelangt<br \/>\ng. Webseiten, die vom System des Nutzers \u00fcber unsere Webseite aufgerufen werden<\/p>\n<p style=\"padding-left: 30px;\">Die Daten werden auch in den Logfiles unseres Systems gespeichert. Eine Speicherung dieser Daten zusammen mit anderen personenbezogenen Daten der betroffenen Person erfolgt nicht.<\/p>\n<p style=\"padding-left: 30px;\">2 .<strong> Rechtsgrundlage der Datenverarbeitung<\/strong><\/p>\n<p style=\"padding-left: 30px;\">Rechtsgrundlage f\u00fcr die vor\u00fcbergehende Speicherung der Daten und der Logfiles ist Art. 6 Abs. 1 lit. f DSGVO.<\/p>\n<p style=\"padding-left: 30px;\">3 . <strong>Zweck der Datenverarbeitung<\/strong><\/p>\n<p style=\"padding-left: 30px;\">Die vor\u00fcbergehende Speicherung der IP-Adresse durch das System ist notwendig, um eine Auslieferung der Webseite an den Rechner der betroffenen Person zu erm\u00f6glichen. Daf\u00fcr muss die IP-Adresse der betroffenen Person f\u00fcr die Dauer der Sitzung gespeichert bleiben. Die Speicherung in Logfiles erfolgt, um die Funktionsf\u00e4higkeit der Webseite sicherzustellen. Zudem dienen uns die Daten zur Optimierung der Webseite und zur Sicherstellung der Sicherheit unserer informationstechnischen Systeme. Eine Auswertung der Daten zu Marketingzwecken findet in diesem Zusammenhang nicht statt. In diesen Zwecken liegt auch unser berechtigtes Interesse an der Datenverarbeitung nach Art. 6 Abs. 1 lit. f DSGVO.<\/p>\n<p style=\"padding-left: 30px;\">4 . <strong>Dauer der Speicherung<\/strong><\/p>\n<p style=\"padding-left: 30px;\">Die Daten werden gel\u00f6scht, sobald sie f\u00fcr die Erreichung des Zwecks ihrer Erhebung nicht mehr erforderlich sind. Im Falle der Erfassung der Daten zur Bereitstellung der Webseite ist dies der Fall, wenn die jeweilige Sitzung beendet ist. Im Fall der Speicherung der Daten in Logfiles ist dies nach sp\u00e4testens sieben Tagen der Fall. Eine dar\u00fcberhinausgehende Speicherung ist m\u00f6glich. In diesem Fall werden IP-Adresse der betroffenen Person gel\u00f6scht oder verfremdet, so dass eine Zuordnung des aufrufenden Clients nicht mehr m\u00f6glich ist.<\/p>\n<p style=\"padding-left: 30px;\">5. <strong>Widerspruchs- und Beseitigungsm\u00f6glichkeit<\/strong><\/p>\n<p style=\"padding-left: 30px;\">Die Erfassung der Daten zur Bereitstellung der Webseite und die Speicherung der Daten in Logfiles ist f\u00fcr den Betrieb der Webseite zwingend notwendig. Es besteht daher seitens der betroffenen Person keine Widerspruchsm\u00f6glichkeit.<\/p>\n<p><strong>IV. E-Mail-Kontakt<\/strong><\/p>\n<p style=\"padding-left: 30px;\">1 . <strong>Beschreibung und Umfang der Datenverarbeitung<\/strong><\/p>\n<p style=\"padding-left: 30px;\">Es ist eine Kontaktaufnahme \u00fcber die bereitgestellte E-Mail-Anschrift m\u00f6glich. In diesem Fall werden die mit der E-Mail \u00fcbersandten personenbezogenen Daten der betroffenen Person gespeichert. Es erfolgt in diesem Zusammenhang keine Weitergabe der Daten an Dritte. Die Daten werden ausschlie\u00dflich f\u00fcr die Verarbeitung der Konversation verwendet.<\/p>\n<p style=\"padding-left: 30px;\">2. <strong>Rechtsgrundlage der Datenverarbeitung<\/strong><\/p>\n<p style=\"padding-left: 30px;\">Rechtsgrundlage f\u00fcr die Verarbeitung der Daten ist bei Vorliegen einer Einwilligung der betroffenen Person Art. 6 Abs. 1 lit. a DSGVO. Rechtsgrundlage f\u00fcr die Verarbeitung der Daten, die im Zuge einer \u00dcbersendung einer E-Mail \u00fcbermittelt werden, ist Art. 6 Abs. 1 lit. f DSGVO. Zielt der E-Mail-Kontakt auf den Abschluss eines Vertrages ab, so ist zus\u00e4tzliche Rechtsgrundlage f\u00fcr die Verarbeitung Art. 6 Abs. 1 lit. b DSGVO.<\/p>\n<p style=\"padding-left: 30px;\">3. <strong>Zweck der Datenverarbeitung<\/strong><\/p>\n<p style=\"padding-left: 30px;\">Die Verarbeitung der personenbezogenen Daten dient uns allein zur Bearbeitung der Kontaktaufnahme. Im Falle einer Kontaktaufnahme per E-Mail liegt hieran auch das erforderliche berechtigte Interesse an der Verarbeitung der Daten. Die sonstigen w\u00e4hrend des Absendevorgangs verarbeiteten personenbezogenen Daten dienen dazu, einen Missbrauch des Kontaktformulars zu verhindern und die Sicherheit unserer informationstechnischen Systeme sicherzustellen.<\/p>\n<p style=\"padding-left: 30px;\">4. <strong>Dauer der Speicherung<\/strong><\/p>\n<p style=\"padding-left: 30px;\">Die Daten werden gel\u00f6scht, sobald sie f\u00fcr die Erreichung des Zweckes ihrer Erhebung nicht mehr erforderlich sind. F\u00fcr die personenbezogenen Daten, die per E-Mail \u00fcbersandt wurden, ist dies dann der Fall, wenn die jeweilige Konversation mit der betroffenen Person beendet ist. Beendet ist die Konversation dann, wenn sich aus den Umst\u00e4nden entnehmen l\u00e4sst, dass der betroffene Sachverhalt abschlie\u00dfend gekl\u00e4rt ist. Die w\u00e4hrend des Absendevorgangs zus\u00e4tzlich erhobenen personenbezogenen Daten werden sp\u00e4testens nach einer Frist von sieben Tagen gel\u00f6scht.<\/p>\n<p style=\"padding-left: 30px;\">5. <strong>Widerspruchs- und Beseitigungsm\u00f6glichkeit<\/strong><\/p>\n<p style=\"padding-left: 30px;\">Die betroffene Person hat jederzeit die M\u00f6glichkeit, ihre Einwilligung zur Verarbeitung der personenbezogenen Daten zu widerrufen. Nimmt die betroffene Person per E-Mail Kontakt mit uns auf, so kann sie der Speicherung ihrer personenbezogenen Daten jederzeit widersprechen. In einem solchen Fall kann die Konversation nicht fortgef\u00fchrt werden.<\/p>\n<p style=\"padding-left: 30px;\">Ein Widerruf der Einwilligung und ein Widerspruch der Speicherung kann an die im Impressum dieser Webseite angegebenen Kontaktdaten jederzeit erkl\u00e4rt werden. Alle personenbezogenen Daten, die im Zuge der Kontaktaufnahme gespeichert wurden, werden in diesem Fall gel\u00f6scht.<\/p>\n<p><strong>VII. SSL-Verschl\u00fcsselung<\/strong><\/p>\n<p>Aus Gr\u00fcnden der Sicherheit und zum Schutz der \u00dcbertragung vertraulicher Inhalte, bspw. bei der Nutzung unseres Kontaktformulars nutzen wir eine SSL-Verschl\u00fcsselung. Ist die SSL-Verschl\u00fcsselung aktiviert, k\u00f6nnen Ihre an uns \u00fcbermittelte Daten nicht von Dritten mitgelesen werden.<\/p>\n<p>Eine verschl\u00fcsselte Verbindung erkennt man in der Regel daran, dass die Adresszeile des Browsers von &#8222;http:\/\/&#8220; auf &#8222;https:\/\/&#8220; wechselt und\/oder an dem Schloss-Symbol in der Browserzeile.<\/p>\n<p><strong>V. Links zu anderen Webseiten<\/strong><\/p>\n<p>Unser Internetauftritt kann Links zu anderen Webseiten enthalten. die B\u00fcrogemeinschaft raete24.com ist f\u00fcr deren Datenschutzerkl\u00e4rungen oder Inhalte nicht verantwortlich.<\/p>\n<p><strong>VI. Rechte der betroffenen Person<\/strong><\/p>\n<p>Soweit wir personenbezogene Daten von der betroffenen Person verarbeiten, stehen dieser uns gegen\u00fcber die nachstehenden Rechte zu:<\/p>\n<p style=\"padding-left: 30px;\">1 . <strong>Auskunftsrecht<\/strong><\/p>\n<p style=\"padding-left: 30px;\">Die betroffene Person kann von uns eine Best\u00e4tigung dar\u00fcber verlangen, ob personenbezogene Daten, die diese betreffen, von uns verarbeitet werden. Liegt eine solche Verarbeitung vor, kann die betroffene Person \u00a0von uns \u00fcber folgende Informationen Auskunft verlangen:<\/p>\n<p style=\"padding-left: 60px;\">(1) die Zwecke zu denen die personenbezogenen Daten verarbeitet werden;<br \/>\n(2) die Kategorien von personenbezogenen Daten, welche verarbeitet werden;<br \/>\n(3) die Empf\u00e4nger bzw. die Kategorien von Empf\u00e4ngern, gegen\u00fcber denen die die betroffene Person betreffenden personenbezogenen Daten offengelegt wurden oder noch offengelegt werden;<br \/>\n(4) die geplante Dauer der Speicherung der die betroffene Person betreffenden personenbezogenen Daten oder, falls konkrete Angaben hierzu nicht m\u00f6glich sind, Kriterien f\u00fcr die Festlegung der Speicherdauer;<br \/>\n(5) das Bestehen eines Rechts auf Berichtigung oder L\u00f6schung der die betroffene Person betreffenden personenbezogenen Daten, eines Rechts auf Einschr\u00e4nkung der Verarbeitung durch den Verantwortlichen oder eines Widerspruchsrechts gegen diese Verarbeitung;<br \/>\n(6) das Bestehen eines Beschwerderechts bei einer Aufsichtsbeh\u00f6rde;<br \/>\n(7) alle verf\u00fcgbaren Informationen \u00fcber die Herkunft der Daten, wenn die personenbezogenen Daten nicht bei der betroffenen Person erhoben werden;<br \/>\n(8) das Bestehen einer automatisierten Entscheidungsfindung einschlie\u00dflich Profiling gem\u00e4\u00df Art. 22 Abs. 1 und 4 DSGVO und \u2013 zumindest in diesen F\u00e4llen \u2013 aussagekr\u00e4ftige Informationen \u00fcber die involvierte Logik sowie die Tragweite und die angestrebten Auswirkungen einer derartigen Verarbeitung f\u00fcr die betroffene Person.<\/p>\n<p style=\"padding-left: 30px;\">Der betroffenen Person steht das Recht zu, Auskunft dar\u00fcber zu verlangen, ob die die betroffene Person \u00a0betreffenden personenbezogenen Daten in ein Drittland oder an eine internationale Organisation \u00fcbermittelt werden. In diesem Zusammenhang kann die betroffene Person verlangen, \u00fcber die geeigneten Garantien gem. Art. 46 DSGVO im Zusammenhang mit der \u00dcbermittlung unterrichtet zu werden.<\/p>\n<p style=\"padding-left: 30px;\">2. <strong>Recht der Berechtigung<\/strong><\/p>\n<p style=\"padding-left: 30px;\">Die betroffene Person hat ein Recht auf Berichtigung und\/oder Vervollst\u00e4ndigung gegen\u00fcber dem Verantwortlichen, sofern die verarbeiteten personenbezogenen Daten, die sie betreffen, unrichtig oder unvollst\u00e4ndig sind. Der Verantwortliche hat die Berichtigung unverz\u00fcglich vorzunehmen.<\/p>\n<p style=\"padding-left: 30px;\">3. <strong>Recht auf Einschr\u00e4nkung der Verarbeitung<\/strong><\/p>\n<p style=\"padding-left: 30px;\">Unter den folgenden Voraussetzungen kann die betroffene Person die Einschr\u00e4nkung der Verarbeitung der sie betreffenden personenbezogenen Daten verlangen:<\/p>\n<p style=\"padding-left: 60px;\">(1) wenn sie die Richtigkeit der sie betreffenden personenbezogenen f\u00fcr eine Dauer bestreitet, die es dem Verantwortlichen erm\u00f6glicht, die Richtigkeit der personenbezogenen Daten zu \u00fcberpr\u00fcfen;<br \/>\n(2) die Verarbeitung unrechtm\u00e4\u00dfig ist und sie die L\u00f6schung der personenbezogenen Daten ablehnt und stattdessen die Einschr\u00e4nkung der Nutzung der personenbezogenen Daten verlangt;<br \/>\n(3) der Verantwortliche die personenbezogenen Daten f\u00fcr die Zwecke der Verarbeitung nicht l\u00e4nger ben\u00f6tigt, sie diese jedoch zur Geltendmachung, Aus\u00fcbung oder Verteidigung von Rechtsanspr\u00fcchen ben\u00f6tigen, oder<br \/>\n(4) wenn sie Widerspruch gegen die Verarbeitung gem\u00e4\u00df Art. 21 Abs. 1 DSGVO eingelegt hat und noch nicht feststeht, ob die berechtigten Gr\u00fcnde des Verantwortlichen gegen\u00fcber ihren Gr\u00fcnden \u00fcberwiegen.<\/p>\n<p style=\"padding-left: 30px;\">Wurde die Verarbeitung der sie betreffenden personenbezogenen Daten eingeschr\u00e4nkt, d\u00fcrfen diese Daten \u2013 von ihrer Speicherung abgesehen \u2013 nur mit Einwilligung der betroffenen Person oder zur Geltendmachung, Aus\u00fcbung oder Verteidigung von Rechtsanspr\u00fcchen oder zum Schutz der Rechte einer anderen nat\u00fcrlichen oder juristischen Person oder aus Gr\u00fcnden eines wichtigen \u00f6ffentlichen Interesses der Union oder eines Mitgliedstaats verarbeitet werden.<\/p>\n<p style=\"padding-left: 30px;\">Wurde die Einschr\u00e4nkung der Verarbeitung nach den o.g. Voraussetzungen eingeschr\u00e4nkt, wird die betroffene Person von dem Verantwortlichen unterrichtet bevor die Einschr\u00e4nkung aufgehoben wird.<\/p>\n<p style=\"padding-left: 30px;\">4. <strong>Recht auf L\u00f6schung (\u201eRecht auf Vergessenwerden\u201c)<\/strong><\/p>\n<p style=\"padding-left: 30px;\">a) <strong>L\u00f6schungspflicht<\/strong><\/p>\n<p style=\"padding-left: 30px;\">Die betroffene Person kann von uns als Verantwortlichen verlangen, dass die sie betreffenden personenbezogenen Daten unverz\u00fcglich gel\u00f6scht werden, und wir als Verantwortlicher sind verpflichtet, diese Daten unverz\u00fcglich zu l\u00f6schen, sofern einer der folgenden Gr\u00fcnde zutrifft:<\/p>\n<p style=\"padding-left: 60px;\">(1) Die die betroffene Person betreffenden personenbezogenen Daten sind f\u00fcr die Zwecke, f\u00fcr die sie erhoben oder auf sonstige Weise verarbeitet wurden, nicht mehr notwendig.<br \/>\n(2) Die betroffene Person widerruft ihre Einwilligung, auf die sich die Verarbeitung gem. Art. 6 Abs. 1 lit. a oder Art. 9 Abs. 2 lit. a DSGVO st\u00fctzte, und es fehlt an einer anderweitigen Rechtsgrundlage f\u00fcr die Verarbeitung.<br \/>\n(3) Die betroffene Person legt gem. Art. 21 Abs. 1 DSGVO Widerspruch gegen die Verarbeitung ein und es liegen keine vorrangigen berechtigten Gr\u00fcnde f\u00fcr die Verarbeitung vor, oder die betroffene Person legt gem. Art. 21 Abs. 2 DSGVO Widerspruch gegen die Verarbeitung ein.<br \/>\n(4) Die die betroffene Person betreffenden personenbezogenen Daten wurden unrechtm\u00e4\u00dfig verarbeitet.<br \/>\n(5) Die L\u00f6schung der die betroffene Person betreffenden personenbezogenen Daten ist zur Erf\u00fcllung einer rechtlichen Verpflichtung nach dem Unionsrecht oder dem Recht der Mitgliedstaaten erforderlich, dem der Verantwortliche unterliegt.<br \/>\n(6) Die die betroffene Person betreffenden personenbezogenen Daten wurden in Bezug auf angebotene Dienste der Informationsgesellschaft gem\u00e4\u00df Art. 8 Abs. 1 DSGVO erhoben.<\/p>\n<p style=\"padding-left: 30px;\">b) <strong>Information an Dritte<\/strong><\/p>\n<p style=\"padding-left: 30px;\">Hat der Verantwortliche die die betroffen Person betreffenden personenbezogenen Daten \u00f6ffentlich gemacht und ist er gem. Art. 17 Abs. 1 DSGVO zu deren L\u00f6schung verpflichtet, so trifft er unter Ber\u00fccksichtigung der verf\u00fcgbaren Technologie und der Implementierungskosten angemessene Ma\u00dfnahmen, auch technischer Art, um f\u00fcr die Datenverarbeitung Verantwortliche, die die personenbezogenen Daten verarbeiten, dar\u00fcber zu informieren, dass sie als betroffene Person von ihnen die L\u00f6schung aller Links zu diesen personenbezogenen Daten oder von Kopien oder Replikationen dieser personenbezogenen Daten verlangt haben.<\/p>\n<p style=\"padding-left: 30px;\">c)<strong> Ausnahmen<\/strong><\/p>\n<p style=\"padding-left: 30px;\">Das Recht auf L\u00f6schung besteht nicht, soweit die Verarbeitung erforderlich ist<\/p>\n<p style=\"padding-left: 60px;\">(1) zur Aus\u00fcbung des Rechts auf freie Meinungs\u00e4u\u00dferung und Information;<br \/>\n(2) zur Erf\u00fcllung einer rechtlichen Verpflichtung, die die Verarbeitung nach dem Recht der Union oder der Mitgliedstaaten, dem der Verantwortliche unterliegt, erfordert, oder zur Wahrnehmung einer Aufgabe, die im \u00f6ffentlichen Interesse liegt oder in Aus\u00fcbung \u00f6ffentlicher Gewalt erfolgt, die dem Verantwortlichen \u00fcbertragen wurde;<br \/>\n(3) aus Gr\u00fcnden des \u00f6ffentlichen Interesses im Bereich der \u00f6ffentlichen Gesundheit gem\u00e4\u00df Art. 9 Abs. 2 lit. h und i sowie Art. 9 Abs. 3 DSGVO;<br \/>\n(4) f\u00fcr im \u00f6ffentlichen Interesse liegende Archivzwecke, wissenschaftliche oder historische Forschungszwecke oder f\u00fcr statistische Zwecke gem. Art. 89 Abs. 1 DSGVO, soweit das unter Abschnitt a) genannte Recht voraussichtlich die Verwirklichung der Ziele dieser Verarbeitung unm\u00f6glich macht oder ernsthaft beeintr\u00e4chtigt, oder<br \/>\n(5) zur Geltendmachung, Aus\u00fcbung oder Verteidigung von Rechtsanspr\u00fcchen.<\/p>\n<p style=\"padding-left: 30px;\">5. <strong>Recht auf Unterrichtung<\/strong><\/p>\n<p style=\"padding-left: 30px;\">Hat die betroffene Person das Recht auf Berichtigung, L\u00f6schung oder Einschr\u00e4nkung der Verarbeitung gegen\u00fcber dem Verantwortlichen geltend gemacht, ist dieser verpflichtet, allen Empf\u00e4ngern, denen die sie betreffenden personenbezogenen Daten offengelegt wurden, diese Berichtigung oder L\u00f6schung der Daten oder Einschr\u00e4nkung der Verarbeitung mitzuteilen, es sei denn, dies erweist sich als unm\u00f6glich oder ist mit einem unverh\u00e4ltnism\u00e4\u00dfigen Aufwand verbunden.<\/p>\n<p style=\"padding-left: 30px;\">Der betroffenen Person steht gegen\u00fcber dem Verantwortlichen das Recht zu, \u00fcber diese Empf\u00e4nger unterrichtet zu werden.<\/p>\n<p style=\"padding-left: 30px;\">6. <strong>Recht auf Daten\u00fcbertragbarkeit<\/strong><\/p>\n<p style=\"padding-left: 30px;\">Die betroffene Person hat das Recht, die sie betreffenden personenbezogenen Daten, die sie dem Verantwortlichen bereitgestellt hat, in einem strukturierten, g\u00e4ngigen und maschinenlesbaren Format zu erhalten. Au\u00dferdem hat die betroffene Person das Recht diese Daten einem anderen Verantwortlichen ohne Behinderung durch den Verantwortlichen, dem die personenbezogenen Daten bereitgestellt wurden, zu \u00fcbermitteln, sofern<\/p>\n<p style=\"padding-left: 60px;\">(1) die Verarbeitung auf einer Einwilligung gem. Art. 6 Abs. 1 lit. a DSGVO oder Art. 9 Abs. 2 lit. a DSGVO oder auf einem Vertrag gem. Art. 6 Abs. 1 lit. b DSGVO beruht und<br \/>\n(2) die Verarbeitung mithilfe automatisierter Verfahren erfolgt.<\/p>\n<p style=\"padding-left: 30px;\">In Aus\u00fcbung dieses Rechts hat die betroffene Person ferner das Recht, zu erwirken, dass die sie betreffenden personenbezogenen Daten direkt von einem Verantwortlichen einem anderen Verantwortlichen \u00fcbermittelt werden, soweit dies technisch machbar ist. Freiheiten und Rechte anderer Personen d\u00fcrfen hierdurch nicht beeintr\u00e4chtigt werden.<\/p>\n<p style=\"padding-left: 30px;\">Das Recht auf Daten\u00fcbertragbarkeit gilt nicht f\u00fcr eine Verarbeitung personenbezogener Daten, die f\u00fcr die Wahrnehmung einer Aufgabe erforderlich ist, die im \u00f6ffentlichen Interesse liegt oder in Aus\u00fcbung \u00f6ffentlicher Gewalt erfolgt, die dem Verantwortlichen \u00fcbertragen wurde.<\/p>\n<p style=\"padding-left: 30px;\">7. <strong>Recht auf Widerspruch<\/strong><\/p>\n<p style=\"padding-left: 30px;\">Die betroffene Person hat das Recht, aus Gr\u00fcnden, die sich aus ihrer besonderen Situation ergeben, jederzeit gegen die Verarbeitung der sie betreffenden personenbezogenen Daten, die aufgrund von Art. 6 Abs. 1 lit. e oder f DSGVO erfolgt, Widerspruch einzulegen; dies gilt auch f\u00fcr ein auf diese Bestimmungen gest\u00fctztes Profiling. Der Verantwortliche verarbeitet die sie betreffenden personenbezogenen Daten nicht mehr, es sei denn, er kann zwingende schutzw\u00fcrdige Gr\u00fcnde f\u00fcr die Verarbeitung nachweisen, die ihre Interessen, Rechte und Freiheiten \u00fcberwiegen, oder die Verarbeitung dient der Geltendmachung, Aus\u00fcbung oder Verteidigung von Rechtsanspr\u00fcchen. Werden die sie betreffenden personenbezogenen Daten verarbeitet, um Direktwerbung zu betreiben, hat die betroffene Person das Recht, jederzeit Widerspruch gegen die Verarbeitung der sie betreffenden personenbezogenen Daten zum Zwecke derartiger Werbung einzulegen; dies gilt auch f\u00fcr das Profiling, soweit es mit solcher Direktwerbung in Verbindung steht. Widerspricht die betroffene Person der Verarbeitung f\u00fcr Zwecke der Direktwerbung, so werden die sie betreffenden personenbezogenen Daten nicht mehr f\u00fcr diese Zwecke verarbeitet. Die betroffene Person hat die M\u00f6glichkeit, im Zusammenhang mit der Nutzung von Diensten der Informationsgesellschaft \u2013 ungeachtet der Richtlinie 2002\/58\/EG \u2013 ihr Widerspruchsrecht mittels automatisierter Verfahren auszu\u00fcben, bei denen technische Spezifikationen verwendet werden.<\/p>\n<p style=\"padding-left: 30px;\">8. <strong>Recht auf Widerruf der datenschutzrechtlichen Einwilligungserkl\u00e4rung<\/strong><\/p>\n<p style=\"padding-left: 30px;\">Die betroffene Person hat das Recht, ihre datenschutzrechtliche Einwilligungserkl\u00e4rung jederzeit zu widerrufen. Durch den Widerruf der Einwilligung wird die Rechtm\u00e4\u00dfigkeit der aufgrund der Einwilligung bis zum Widerruf erfolgten Verarbeitung nicht ber\u00fchrt.<\/p>\n<p style=\"padding-left: 30px;\">9. <strong>Automatisierte Entscheidung im Einzelfall einschlie\u00dflich Profiling<\/strong><\/p>\n<p style=\"padding-left: 30px;\">Die betroffene Person hat das Recht, nicht einer ausschlie\u00dflich auf einer automatisierten Verarbeitung \u2013 einschlie\u00dflich Profiling \u2013 beruhenden Entscheidung unterworfen zu werden, die ihr gegen\u00fcber rechtliche Wirkung entfaltet oder sie in \u00e4hnlicher Weise erheblich beeintr\u00e4chtigt. Dies gilt nicht, wenn die Entscheidung<\/p>\n<p style=\"padding-left: 60px;\">(1) f\u00fcr den Abschluss oder die Erf\u00fcllung eines Vertrags zwischen Ihr und dem Verantwortlichen erforderlich ist,<br \/>\n(2) aufgrund von Rechtsvorschriften der Union oder der Mitgliedstaaten, denen der Verantwortliche unterliegt, zul\u00e4ssig ist und diese Rechtsvorschriften angemessene Ma\u00dfnahmen zur Wahrung ihrer Rechte und Freiheiten sowie ihrer berechtigten Interessen enthalten oder<br \/>\n(3) mit ihrer ausdr\u00fccklichen Einwilligung erfolgt.<\/p>\n<p style=\"padding-left: 30px;\">Allerdings d\u00fcrfen diese Entscheidungen nicht auf besonderen Kategorien personenbezogener Daten nach Art. 9 Abs. 1 DSGVO beruhen, sofern nicht Art. 9 Abs. 2 lit. a oder g gilt und angemessene Ma\u00dfnahmen zum Schutz der Rechte und Freiheiten sowie ihrer berechtigten Interessen getroffen wurden.<\/p>\n<p style=\"padding-left: 30px;\">Hinsichtlich der in (1) und (3) genannten F\u00e4lle trifft der Verantwortliche angemessene Ma\u00dfnahmen, um die Rechte und Freiheiten sowie ihre berechtigten Interessen zu wahren, wozu mindestens das Recht auf Erwirkung des Eingreifens einer Person seitens des Verantwortlichen, auf Darlegung des eigenen Standpunkts und auf Anfechtung der Entscheidung geh\u00f6rt.<\/p>\n<p style=\"padding-left: 30px;\">10. <strong>Recht auf Beschwerde bei einer Aufsichtsbeh\u00f6rde<\/strong><\/p>\n<p style=\"padding-left: 30px;\">Unbeschadet eines anderweitigen verwaltungsrechtlichen oder gerichtlichen Rechtsbehelfs steht der betroffenen Person das Recht auf Beschwerde bei einer Aufsichtsbeh\u00f6rde, insbesondere in dem Mitgliedstaat ihres Aufenthaltsorts, ihres Arbeitsplatzes oder des Orts des mutma\u00dflichen Versto\u00dfes, zu, wenn sie der Ansicht sind, dass die Verarbeitung der sie betreffenden personenbezogenen Daten gegen die DSGVO verst\u00f6\u00dft. Die Aufsichtsbeh\u00f6rde, bei der die Beschwerde eingereicht wurde, unterrichtet den Beschwerdef\u00fchrer \u00fcber den Stand und die Ergebnisse der Beschwerde einschlie\u00dflich der M\u00f6glichkeit eines gerichtlichen Rechtsbehelfs nach Art. 78 DSGVO.<\/p>\n<p style=\"padding-left: 30px;\">Sofern Teile oder einzelne Formulierungen dieser\u00a0Website (&#8222;Datenschutzerkl\u00e4rung&#8220;)\u00a0der geltenden Rechtslage nicht, nicht mehr oder nicht vollst\u00e4ndig entsprechen sollten, bleiben die \u00fcbrigen Teile dieser Website (&#8222;Datenschutzerkl\u00e4rung&#8220;)\u00a0in ihrem Inhalt und ihrer G\u00fcltigkeit davon unber\u00fchrt.<\/p>\n<p>&nbsp;<\/p>\n","protected":false},"excerpt":{"rendered":"<p>Wir, die B\u00fcrogemeinschaft raete24.com, freuen uns \u00fcber Ihren Besuch auf unserer Webpr\u00e4senz und \u00fcber Ihr Interesse an unseren Kanzleien. Als Betreiber dieser Website nehmen wir den Schutz Ihrer pers\u00f6nlichen Daten sehr ernst und halten uns an die Regeln der geltenden Datenschutzgesetze sowie dieser Datenschutzerkl\u00e4rung. Wir behandeln Ihre personenbezogenen Daten entsprechend der gesetzlichen Datenschutzvorschriften sowie dieser [&hellip;]<\/p>\n","protected":false},"author":1,"featured_media":0,"parent":0,"menu_order":0,"comment_status":"closed","ping_status":"closed","template":"page-full.php","meta":[],"_links":{"self":[{"href":"https:\/\/raete24.com\/index.php?rest_route=\/wp\/v2\/pages\/332"}],"collection":[{"href":"https:\/\/raete24.com\/index.php?rest_route=\/wp\/v2\/pages"}],"about":[{"href":"https:\/\/raete24.com\/index.php?rest_route=\/wp\/v2\/types\/page"}],"author":[{"embeddable":true,"href":"https:\/\/raete24.com\/index.php?rest_route=\/wp\/v2\/users\/1"}],"replies":[{"embeddable":true,"href":"https:\/\/raete24.com\/index.php?rest_route=%2Fwp%2Fv2%2Fcomments&post=332"}],"version-history":[{"count":44,"href":"https:\/\/raete24.com\/index.php?rest_route=\/wp\/v2\/pages\/332\/revisions"}],"predecessor-version":[{"id":387,"href":"https:\/\/raete24.com\/index.php?rest_route=\/wp\/v2\/pages\/332\/revisions\/387"}],"wp:attachment":[{"href":"https:\/\/raete24.com\/index.php?rest_route=%2Fwp%2Fv2%2Fmedia&parent=332"}],"curies":[{"name":"wp","href":"https:\/\/api.w.org\/{rel}","templated":true}]}}